{"id":2556,"date":"2025-02-10T10:27:49","date_gmt":"2025-02-10T09:27:49","guid":{"rendered":"https:\/\/www.vandevencaravans.be\/a-propos-de-nous\/"},"modified":"2025-05-16T12:07:55","modified_gmt":"2025-05-16T10:07:55","slug":"a-propos-de-nous","status":"publish","type":"page","link":"https:\/\/www.vandevencaravans.be\/fr\/a-propos-de-nous\/","title":{"rendered":"\u00c0 propos de nous"},"content":{"rendered":"<section class=\"l-section wpb_row us_custom_5124a983 height_medium\"><div class=\"l-section-h i-cf\"><div class=\"g-cols vc_row via_flex valign_top type_default stacking_default\"><div class=\"vc_col-sm-12 wpb_column vc_column_container\"><div class=\"vc_column-inner\"><div class=\"wpb_wrapper\"><div class=\"w-separator size_small\"><\/div><div class=\"w-iconbox iconpos_left style_default color_custom align_left no_title\"><div class=\"w-iconbox-icon\" style=\"font-size:1rem;--icon-color:#000000;\"><i class=\"fas fa-home\"><\/i><\/div><div class=\"w-iconbox-meta\"><div class=\"w-iconbox-text\"><p><nav aria-label=\"breadcrumbs\" class=\"rank-math-breadcrumb\"><p><span class=\"last\">Home<\/span><\/p><\/nav><\/p>\n<\/div><\/div><\/div><\/div><\/div><\/div><\/div><\/div><\/section><section class=\"l-section wpb_row circlebefore2 height_medium\"><div class=\"l-section-h i-cf\"><div class=\"g-cols vc_row via_flex valign_top type_default stacking_default\"><div class=\"vc_col-sm-6 wpb_column vc_column_container\"><div class=\"vc_column-inner\"><div class=\"wpb_wrapper\"><div class=\"wpb_text_column us_custom_ea76afbe\"><div class=\"wpb_wrapper\"><h1>Votre expert en mobil-homes<\/h1>\n<\/div><\/div><div class=\"w-separator size_small\"><\/div><div class=\"wpb_text_column\"><div class=\"wpb_wrapper\"><p><span>Caravans Van de Ven (Beveren-Waas en Flandre orientale, pr\u00e8s d&rsquo;Anvers) est un grossiste et co-fabricant tr\u00e8s fiable de mobil-homes et de chalets. Nous avons cinquante ans d&rsquo;exp\u00e9rience et sommes le principal importateur des marques de qualit\u00e9 Willerby et Europa Caravans. <\/span><\/p>\n<\/div><\/div><div class=\"w-separator size_small\"><\/div><div class=\"w-btn-wrapper align_none\"><a class=\"w-btn us-btn-style_2\" href=\"#team\"><span class=\"w-btn-label\">D\u00e9couvrez notre \u00e9quipe<\/span><\/a><\/div><div class=\"w-btn-wrapper align_none\"><a class=\"w-btn us-btn-style_2\" href=\"#service\"><span class=\"w-btn-label\">D\u00e9couvrez nos services<\/span><\/a><\/div><\/div><\/div><\/div><div class=\"vc_col-sm-6 wpb_column vc_column_container\"><div class=\"vc_column-inner\"><div class=\"wpb_wrapper\"><div class=\"w-image us_custom_04570ec2 has_ratio align_none\"><div class=\"w-image-h\"><div style=\"padding-bottom:66.6667%\"><\/div><img decoding=\"async\" width=\"1024\" height=\"682\" src=\"https:\/\/www.vandevencaravans.be\/wp-content\/uploads\/2025\/04\/VanDeVen-335-1024x682.jpg\" class=\"attachment-large size-large\" alt=\"\" loading=\"lazy\" \/><\/div><\/div><\/div><\/div><\/div><\/div><\/div><\/section><section class=\"l-section wpb_row us_custom_1bc7d5e8 height_large\" id=\"team\"><div class=\"l-section-h i-cf\"><div class=\"g-cols vc_row via_flex valign_top type_default stacking_default\"><div class=\"vc_col-sm-5 wpb_column vc_column_container\"><div class=\"vc_column-inner\"><div class=\"wpb_wrapper\"><div class=\"wpb_text_column us_custom_9e7db91e\"><div class=\"wpb_wrapper\"><p>Notre \u00e9quipe de professionnels passionn\u00e9s<\/p>\n<\/div><\/div><div class=\"w-separator size_small\"><\/div><div class=\"wpb_text_column\"><div class=\"wpb_wrapper\"><p>Notre \u00e9quipe est compos\u00e9e de professionnels exp\u00e9riment\u00e9s et passionn\u00e9s par les mobil-homes. Avec une connaissance approfondie du produit et de la r\u00e9gion, nous sommes pr\u00eats \u00e0 aider chaque client personnellement. Que vous cherchiez, compariez ou achetiez, nous vous offrons un service fluide, fiable et chaleureux du d\u00e9but \u00e0 la fin.<\/p>\n<\/div><\/div><div class=\"w-separator size_large\"><\/div><div class=\"w-image us_custom_b99d620c has_ratio align_none\"><div class=\"w-image-h\"><div style=\"padding-bottom:66.6667%\"><\/div><img decoding=\"async\" width=\"1024\" height=\"682\" src=\"https:\/\/www.vandevencaravans.be\/wp-content\/uploads\/2025\/04\/VanDeVen-362-1024x682.jpg\" class=\"attachment-large size-large\" alt=\"\" loading=\"lazy\" \/><\/div><\/div><\/div><\/div><\/div><div class=\"vc_col-sm-1 wpb_column vc_column_container\"><div class=\"vc_column-inner\"><div class=\"wpb_wrapper\"><\/div><\/div><\/div><div class=\"vc_col-sm-6 wpb_column vc_column_container\"><div class=\"vc_column-inner\"><div class=\"wpb_wrapper\"><div class=\"w-gallery fit_cover type_grid action_popup_image ratio_2x3 count_6\" style=\"--columns:3;--items-gap:10px;\"><div class=\"w-gallery-list\"><div class=\"w-gallery-item\"><div class=\"w-gallery-item-img\"><img loading=\"lazy\" decoding=\"async\" width=\"682\" height=\"1024\" src=\"https:\/\/www.vandevencaravans.be\/wp-content\/uploads\/2025\/04\/VanDeVen-8-682x1024.jpg\" class=\"attachment-large size-large\" alt=\"\" srcset=\"https:\/\/www.vandevencaravans.be\/wp-content\/uploads\/2025\/04\/VanDeVen-8-682x1024.jpg 682w, https:\/\/www.vandevencaravans.be\/wp-content\/uploads\/2025\/04\/VanDeVen-8-200x300.jpg 200w, https:\/\/www.vandevencaravans.be\/wp-content\/uploads\/2025\/04\/VanDeVen-8.jpg 1333w\" sizes=\"auto, (max-width: 682px) 100vw, 682px\" \/><\/div><a class=\"w-gallery-item-link\" aria-label=\"VanDeVen-8\" href=\"https:\/\/www.vandevencaravans.be\/wp-content\/uploads\/2025\/04\/VanDeVen-8.jpg\"><\/a><\/div><div class=\"w-gallery-item\"><div class=\"w-gallery-item-img\"><img loading=\"lazy\" decoding=\"async\" width=\"682\" height=\"1024\" src=\"https:\/\/www.vandevencaravans.be\/wp-content\/uploads\/2025\/04\/VanDeVen-11-682x1024.jpg\" class=\"attachment-large size-large\" alt=\"\" srcset=\"https:\/\/www.vandevencaravans.be\/wp-content\/uploads\/2025\/04\/VanDeVen-11-682x1024.jpg 682w, https:\/\/www.vandevencaravans.be\/wp-content\/uploads\/2025\/04\/VanDeVen-11-200x300.jpg 200w, https:\/\/www.vandevencaravans.be\/wp-content\/uploads\/2025\/04\/VanDeVen-11.jpg 1333w\" sizes=\"auto, (max-width: 682px) 100vw, 682px\" \/><\/div><a class=\"w-gallery-item-link\" aria-label=\"VanDeVen-11\" href=\"https:\/\/www.vandevencaravans.be\/wp-content\/uploads\/2025\/04\/VanDeVen-11.jpg\"><\/a><\/div><div class=\"w-gallery-item\"><div class=\"w-gallery-item-img\"><img loading=\"lazy\" decoding=\"async\" width=\"682\" height=\"1024\" src=\"https:\/\/www.vandevencaravans.be\/wp-content\/uploads\/2025\/04\/VanDeVen-14-682x1024.jpg\" class=\"attachment-large size-large\" alt=\"\" srcset=\"https:\/\/www.vandevencaravans.be\/wp-content\/uploads\/2025\/04\/VanDeVen-14-682x1024.jpg 682w, https:\/\/www.vandevencaravans.be\/wp-content\/uploads\/2025\/04\/VanDeVen-14-200x300.jpg 200w, https:\/\/www.vandevencaravans.be\/wp-content\/uploads\/2025\/04\/VanDeVen-14.jpg 1333w\" sizes=\"auto, (max-width: 682px) 100vw, 682px\" \/><\/div><a class=\"w-gallery-item-link\" aria-label=\"VanDeVen-14\" href=\"https:\/\/www.vandevencaravans.be\/wp-content\/uploads\/2025\/04\/VanDeVen-14.jpg\"><\/a><\/div><div class=\"w-gallery-item\"><div class=\"w-gallery-item-img\"><img loading=\"lazy\" decoding=\"async\" width=\"682\" height=\"1024\" src=\"https:\/\/www.vandevencaravans.be\/wp-content\/uploads\/2025\/04\/VanDeVen-19-682x1024.jpg\" class=\"attachment-large size-large\" alt=\"\" srcset=\"https:\/\/www.vandevencaravans.be\/wp-content\/uploads\/2025\/04\/VanDeVen-19-682x1024.jpg 682w, https:\/\/www.vandevencaravans.be\/wp-content\/uploads\/2025\/04\/VanDeVen-19-200x300.jpg 200w, https:\/\/www.vandevencaravans.be\/wp-content\/uploads\/2025\/04\/VanDeVen-19.jpg 1333w\" sizes=\"auto, (max-width: 682px) 100vw, 682px\" \/><\/div><a class=\"w-gallery-item-link\" aria-label=\"VanDeVen-19\" href=\"https:\/\/www.vandevencaravans.be\/wp-content\/uploads\/2025\/04\/VanDeVen-19.jpg\"><\/a><\/div><div class=\"w-gallery-item\"><div class=\"w-gallery-item-img\"><img loading=\"lazy\" decoding=\"async\" width=\"682\" height=\"1024\" src=\"https:\/\/www.vandevencaravans.be\/wp-content\/uploads\/2025\/04\/VanDeVen-31-682x1024.jpg\" class=\"attachment-large size-large\" alt=\"\" srcset=\"https:\/\/www.vandevencaravans.be\/wp-content\/uploads\/2025\/04\/VanDeVen-31-682x1024.jpg 682w, https:\/\/www.vandevencaravans.be\/wp-content\/uploads\/2025\/04\/VanDeVen-31-200x300.jpg 200w, https:\/\/www.vandevencaravans.be\/wp-content\/uploads\/2025\/04\/VanDeVen-31.jpg 1333w\" sizes=\"auto, (max-width: 682px) 100vw, 682px\" \/><\/div><a class=\"w-gallery-item-link\" aria-label=\"VanDeVen-31\" href=\"https:\/\/www.vandevencaravans.be\/wp-content\/uploads\/2025\/04\/VanDeVen-31.jpg\"><\/a><\/div><div class=\"w-gallery-item\"><div class=\"w-gallery-item-img\"><img loading=\"lazy\" decoding=\"async\" width=\"682\" height=\"1024\" src=\"https:\/\/www.vandevencaravans.be\/wp-content\/uploads\/2025\/04\/VanDeVen-166-682x1024.jpg\" class=\"attachment-large size-large\" alt=\"\" srcset=\"https:\/\/www.vandevencaravans.be\/wp-content\/uploads\/2025\/04\/VanDeVen-166-682x1024.jpg 682w, https:\/\/www.vandevencaravans.be\/wp-content\/uploads\/2025\/04\/VanDeVen-166-200x300.jpg 200w, https:\/\/www.vandevencaravans.be\/wp-content\/uploads\/2025\/04\/VanDeVen-166.jpg 1333w\" sizes=\"auto, (max-width: 682px) 100vw, 682px\" \/><\/div><a class=\"w-gallery-item-link\" aria-label=\"VanDeVen-166\" href=\"https:\/\/www.vandevencaravans.be\/wp-content\/uploads\/2025\/04\/VanDeVen-166.jpg\"><\/a><\/div><\/div><\/div><\/div><\/div><\/div><\/div><\/div><\/section><section class=\"l-section wpb_row circlebefore2 height_medium\" id=\"service\"><div class=\"l-section-h i-cf\"><div class=\"g-cols vc_row via_flex valign_top type_default stacking_default\"><div class=\"vc_col-sm-3 wpb_column vc_column_container\"><div class=\"vc_column-inner\"><div class=\"wpb_wrapper\"><div class=\"wpb_text_column us_custom_2d8c7beb has_text_color\"><div class=\"wpb_wrapper\"><h1>1<\/h1>\n<\/div><\/div><div class=\"wpb_text_column us_custom_ea76afbe\"><div class=\"wpb_wrapper\"><h2>Conseils gratuits<\/h2>\n<\/div><\/div><div class=\"w-separator size_small\"><\/div><div class=\"w-image us_custom_04570ec2 has_ratio align_none\"><div class=\"w-image-h\"><div style=\"padding-bottom:66.6667%\"><\/div><img decoding=\"async\" width=\"1024\" height=\"682\" src=\"https:\/\/www.vandevencaravans.be\/wp-content\/uploads\/2025\/04\/VanDeVen-89-1024x682.jpg\" class=\"attachment-large size-large\" alt=\"\" loading=\"lazy\" \/><\/div><\/div><div class=\"w-separator size_small\"><\/div><\/div><\/div><\/div><div class=\"vc_col-sm-3 wpb_column vc_column_container\"><div class=\"vc_column-inner\"><div class=\"wpb_wrapper\"><div class=\"w-separator size_large\"><\/div><div class=\"wpb_text_column us_custom_2d8c7beb has_text_color\"><div class=\"wpb_wrapper\"><h1>2<\/h1>\n<\/div><\/div><div class=\"wpb_text_column us_custom_ea76afbe\"><div class=\"wpb_wrapper\"><h2>Fabriqu\u00e9 sur mesure dans notre atelier<\/h2>\n<\/div><\/div><div class=\"w-separator size_small\"><\/div><div class=\"w-image us_custom_04570ec2 has_ratio align_none\"><div class=\"w-image-h\"><div style=\"padding-bottom:66.6667%\"><\/div><img decoding=\"async\" width=\"1024\" height=\"682\" src=\"https:\/\/www.vandevencaravans.be\/wp-content\/uploads\/2025\/04\/VanDeVen-288-1024x682.jpg\" class=\"attachment-large size-large\" alt=\"\" loading=\"lazy\" \/><\/div><\/div><div class=\"w-separator size_small\"><\/div><\/div><\/div><\/div><div class=\"vc_col-sm-3 wpb_column vc_column_container\"><div class=\"vc_column-inner\"><div class=\"wpb_wrapper\"><div class=\"w-separator size_small\"><\/div><div class=\"wpb_text_column us_custom_2d8c7beb has_text_color\"><div class=\"wpb_wrapper\"><h1>3<\/h1>\n<\/div><\/div><div class=\"wpb_text_column us_custom_ea76afbe\"><div class=\"wpb_wrapper\"><h2>Placement dans tout le Benelux<\/h2>\n<\/div><\/div><div class=\"w-separator size_small\"><\/div><div class=\"w-image us_custom_04570ec2 has_ratio align_none\"><div class=\"w-image-h\"><div style=\"padding-bottom:66.6667%\"><\/div><img decoding=\"async\" width=\"1024\" height=\"682\" src=\"https:\/\/www.vandevencaravans.be\/wp-content\/uploads\/2025\/04\/VanDeVen-229-1024x682.jpg\" class=\"attachment-large size-large\" alt=\"\" loading=\"lazy\" \/><\/div><\/div><div class=\"w-separator size_small\"><\/div><\/div><\/div><\/div><div class=\"vc_col-sm-3 wpb_column vc_column_container\"><div class=\"vc_column-inner\"><div class=\"wpb_wrapper\"><div class=\"w-separator size_large\"><\/div><div class=\"wpb_text_column us_custom_2d8c7beb has_text_color\"><div class=\"wpb_wrapper\"><h1>4<\/h1>\n<\/div><\/div><div class=\"wpb_text_column us_custom_ea76afbe\"><div class=\"wpb_wrapper\"><h2>Le meilleur service apr\u00e8s-vente<\/h2>\n<\/div><\/div><div class=\"w-separator size_small\"><\/div><div class=\"w-image us_custom_04570ec2 has_ratio align_none\"><div class=\"w-image-h\"><div style=\"padding-bottom:66.6667%\"><\/div><img decoding=\"async\" width=\"1024\" height=\"682\" src=\"https:\/\/www.vandevencaravans.be\/wp-content\/uploads\/2025\/04\/VanDeVen-379-1024x682.jpg\" class=\"attachment-large size-large\" alt=\"\" loading=\"lazy\" \/><\/div><\/div><div class=\"w-separator size_small\"><\/div><\/div><\/div><\/div><\/div><\/div><\/section><section class=\"l-section wpb_row us_custom_1bc7d5e8 height_large\"><div class=\"l-section-h i-cf\"><div class=\"g-cols vc_row via_flex valign_top type_default stacking_default\"><div class=\"vc_col-sm-5 wpb_column vc_column_container\"><div class=\"vc_column-inner\"><div class=\"wpb_wrapper\"><div class=\"wpb_text_column\"><div class=\"wpb_wrapper\"><h3>Van de Ven dispose d&rsquo;une gamme vari\u00e9e de mobil-homes \u00e0 vendre<\/h3>\n<\/div><\/div><div class=\"w-separator size_large\"><\/div><div class=\"w-image overhangimg has_ratio align_none\"><div class=\"w-image-h\"><div style=\"padding-bottom:66.6667%\"><\/div><img decoding=\"async\" width=\"1024\" height=\"682\" src=\"https:\/\/www.vandevencaravans.be\/wp-content\/uploads\/2025\/04\/VanDeVen-322-1024x682.jpg\" class=\"attachment-large size-large\" alt=\"\" loading=\"lazy\" \/><\/div><\/div><\/div><\/div><\/div><div class=\"vc_col-sm-1 wpb_column vc_column_container\"><div class=\"vc_column-inner\"><div class=\"wpb_wrapper\"><\/div><\/div><\/div><div class=\"vc_col-sm-6 wpb_column vc_column_container\"><div class=\"vc_column-inner\"><div class=\"wpb_wrapper\"><div class=\"wpb_text_column us_custom_9e7db91e\"><div class=\"wpb_wrapper\"><p>Avec un mobil-home, c&rsquo;est toujours les vacances \u00e0 la maison. Van de Ven dispose d&rsquo;une gamme vari\u00e9e de mobil-homes \u00e0 vendre !<\/p>\n<\/div><\/div><div class=\"w-separator size_small\"><\/div><div class=\"wpb_text_column\"><div class=\"wpb_wrapper\"><p>Avec un mobil-home, c&rsquo;est toujours les vacances \u00e0 la maison. Vous b\u00e9n\u00e9ficiez de tout le confort d&rsquo;une maison et, en plus, vous avez l&rsquo;impression de camper en toute libert\u00e9. Quelle que soit la mani\u00e8re dont vous l&rsquo;am\u00e9nagez, avec de belles choses ou quelques \u00e9l\u00e9ments essentiels, un mobil-home offre un maximum de confort. De plus, un mobil-home est facile \u00e0 entretenir et totalement adaptable. Vous \u00eates \u00e0 la recherche d&rsquo;un nouveau mobil-home ? Nous disposons d&rsquo;une gamme \u00e9tendue. Europe et Willerby sont nos plus grandes marques, dont nous sommes tr\u00e8s fiers.<\/p>\n<h6>Achat d&rsquo;un mobile home moderne pour toute la famille<\/h6>\n<p>Que vous vous sentiez \u00e0 l&rsquo;aise dans un int\u00e9rieur moderne ou campagnard, chez Van de Ven, vous trouverez certainement une caravane qui vous conviendra, \u00e0 vous et \u00e0 votre famille. Nos mobil-homes sont \u00e9quip\u00e9s selon les derni\u00e8res tendances et proposent des solutions intelligentes et modernes. Pensez au double vitrage, \u00e0 l&rsquo;\u00e9clairage LED, \u00e0 une chaudi\u00e8re efficace, \u00e0 des ports USB et \u00e0 un syst\u00e8me audio int\u00e9gr\u00e9. Curieux de d\u00e9couvrir les nombreuses possibilit\u00e9s ? Venez visiter notre parc d&rsquo;exposition \u00e0 Beveren-Waas et laissez-vous surprendre.<\/p>\n<\/div><\/div><div class=\"w-separator size_small\"><\/div><div class=\"w-btn-wrapper align_none\"><a class=\"w-btn us-btn-style_3\" href=\"https:\/\/www.vandevencaravans.be\/fr\/recherche\/\"><span class=\"w-btn-label\">D\u00e9couvrez notre gamme<\/span><\/a><\/div><div class=\"w-btn-wrapper align_none\"><a class=\"w-btn us-btn-style_2\" href=\"https:\/\/www.vandevencaravans.be\/fr\/parc-dexposition\/\"><span class=\"w-btn-label\">Visitez notre parc d&rsquo;exposition<\/span><\/a><\/div><\/div><\/div><\/div><\/div><\/div><\/section><section class=\"l-section wpb_row height_small\"><div class=\"l-section-h i-cf\"><div class=\"g-cols vc_row via_flex valign_top type_default stacking_default\"><div class=\"vc_col-sm-12 wpb_column vc_column_container\"><div class=\"vc_column-inner\"><div class=\"wpb_wrapper\"><\/div><\/div><\/div><\/div><\/div><\/section><section class=\"l-section wpb_row height_auto width_full\"><div class=\"l-section-h i-cf\"><div class=\"g-cols vc_row via_flex valign_top type_default stacking_default\"><div class=\"vc_col-sm-12 wpb_column vc_column_container\"><div class=\"vc_column-inner\"><div class=\"wpb_wrapper\"><div class=\"w-separator size_medium\"><\/div><div class=\"w-gallery fit_cover type_grid ratio_1x1 count_12\" style=\"--columns:4;--items-gap:10px;\"><div class=\"w-gallery-list\"><div class=\"w-gallery-item\"><div class=\"w-gallery-item-img\"><img loading=\"lazy\" decoding=\"async\" width=\"682\" height=\"1024\" src=\"https:\/\/www.vandevencaravans.be\/wp-content\/uploads\/2025\/04\/VanDeVen-411-682x1024.jpg\" class=\"attachment-large size-large\" alt=\"\" srcset=\"https:\/\/www.vandevencaravans.be\/wp-content\/uploads\/2025\/04\/VanDeVen-411-682x1024.jpg 682w, https:\/\/www.vandevencaravans.be\/wp-content\/uploads\/2025\/04\/VanDeVen-411-200x300.jpg 200w, https:\/\/www.vandevencaravans.be\/wp-content\/uploads\/2025\/04\/VanDeVen-411.jpg 1333w\" sizes=\"auto, (max-width: 682px) 100vw, 682px\" \/><\/div><\/div><div class=\"w-gallery-item\"><div class=\"w-gallery-item-img\"><img loading=\"lazy\" decoding=\"async\" width=\"682\" height=\"1024\" src=\"https:\/\/www.vandevencaravans.be\/wp-content\/uploads\/2025\/04\/VanDeVen-396-682x1024.jpg\" class=\"attachment-large size-large\" alt=\"\" srcset=\"https:\/\/www.vandevencaravans.be\/wp-content\/uploads\/2025\/04\/VanDeVen-396-682x1024.jpg 682w, https:\/\/www.vandevencaravans.be\/wp-content\/uploads\/2025\/04\/VanDeVen-396-200x300.jpg 200w, https:\/\/www.vandevencaravans.be\/wp-content\/uploads\/2025\/04\/VanDeVen-396.jpg 1333w\" sizes=\"auto, (max-width: 682px) 100vw, 682px\" \/><\/div><\/div><div class=\"w-gallery-item\"><div class=\"w-gallery-item-img\"><img loading=\"lazy\" decoding=\"async\" width=\"1024\" height=\"682\" src=\"https:\/\/www.vandevencaravans.be\/wp-content\/uploads\/2025\/04\/VanDeVen-380-1024x682.jpg\" class=\"attachment-large size-large\" alt=\"\" srcset=\"https:\/\/www.vandevencaravans.be\/wp-content\/uploads\/2025\/04\/VanDeVen-380-1024x682.jpg 1024w, https:\/\/www.vandevencaravans.be\/wp-content\/uploads\/2025\/04\/VanDeVen-380-300x200.jpg 300w, https:\/\/www.vandevencaravans.be\/wp-content\/uploads\/2025\/04\/VanDeVen-380.jpg 2000w\" sizes=\"auto, (max-width: 1024px) 100vw, 1024px\" \/><\/div><\/div><div class=\"w-gallery-item\"><div class=\"w-gallery-item-img\"><img loading=\"lazy\" decoding=\"async\" width=\"682\" height=\"1024\" src=\"https:\/\/www.vandevencaravans.be\/wp-content\/uploads\/2025\/04\/VanDeVen-383-682x1024.jpg\" class=\"attachment-large size-large\" alt=\"\" srcset=\"https:\/\/www.vandevencaravans.be\/wp-content\/uploads\/2025\/04\/VanDeVen-383-682x1024.jpg 682w, https:\/\/www.vandevencaravans.be\/wp-content\/uploads\/2025\/04\/VanDeVen-383-200x300.jpg 200w, https:\/\/www.vandevencaravans.be\/wp-content\/uploads\/2025\/04\/VanDeVen-383.jpg 1333w\" sizes=\"auto, (max-width: 682px) 100vw, 682px\" \/><\/div><\/div><div class=\"w-gallery-item\"><div class=\"w-gallery-item-img\"><img loading=\"lazy\" decoding=\"async\" width=\"1024\" height=\"682\" src=\"https:\/\/www.vandevencaravans.be\/wp-content\/uploads\/2025\/04\/VanDeVen-273-1024x682.jpg\" class=\"attachment-large size-large\" alt=\"\" srcset=\"https:\/\/www.vandevencaravans.be\/wp-content\/uploads\/2025\/04\/VanDeVen-273-1024x682.jpg 1024w, https:\/\/www.vandevencaravans.be\/wp-content\/uploads\/2025\/04\/VanDeVen-273-300x200.jpg 300w, https:\/\/www.vandevencaravans.be\/wp-content\/uploads\/2025\/04\/VanDeVen-273.jpg 2000w\" sizes=\"auto, (max-width: 1024px) 100vw, 1024px\" \/><\/div><\/div><div class=\"w-gallery-item\"><div class=\"w-gallery-item-img\"><img loading=\"lazy\" decoding=\"async\" width=\"1024\" height=\"682\" src=\"https:\/\/www.vandevencaravans.be\/wp-content\/uploads\/2025\/04\/VanDeVen-274-1024x682.jpg\" class=\"attachment-large size-large\" alt=\"\" srcset=\"https:\/\/www.vandevencaravans.be\/wp-content\/uploads\/2025\/04\/VanDeVen-274-1024x682.jpg 1024w, https:\/\/www.vandevencaravans.be\/wp-content\/uploads\/2025\/04\/VanDeVen-274-300x200.jpg 300w, https:\/\/www.vandevencaravans.be\/wp-content\/uploads\/2025\/04\/VanDeVen-274.jpg 2000w\" sizes=\"auto, (max-width: 1024px) 100vw, 1024px\" \/><\/div><\/div><div class=\"w-gallery-item\"><div class=\"w-gallery-item-img\"><img loading=\"lazy\" decoding=\"async\" width=\"1024\" height=\"682\" src=\"https:\/\/www.vandevencaravans.be\/wp-content\/uploads\/2025\/04\/VanDeVen-261-1024x682.jpg\" class=\"attachment-large size-large\" alt=\"\" srcset=\"https:\/\/www.vandevencaravans.be\/wp-content\/uploads\/2025\/04\/VanDeVen-261-1024x682.jpg 1024w, https:\/\/www.vandevencaravans.be\/wp-content\/uploads\/2025\/04\/VanDeVen-261-300x200.jpg 300w, https:\/\/www.vandevencaravans.be\/wp-content\/uploads\/2025\/04\/VanDeVen-261.jpg 2000w\" sizes=\"auto, (max-width: 1024px) 100vw, 1024px\" \/><\/div><\/div><div class=\"w-gallery-item\"><div class=\"w-gallery-item-img\"><img loading=\"lazy\" decoding=\"async\" width=\"1024\" height=\"682\" src=\"https:\/\/www.vandevencaravans.be\/wp-content\/uploads\/2025\/04\/VanDeVen-233-1024x682.jpg\" class=\"attachment-large size-large\" alt=\"\" srcset=\"https:\/\/www.vandevencaravans.be\/wp-content\/uploads\/2025\/04\/VanDeVen-233-1024x682.jpg 1024w, https:\/\/www.vandevencaravans.be\/wp-content\/uploads\/2025\/04\/VanDeVen-233-300x200.jpg 300w, https:\/\/www.vandevencaravans.be\/wp-content\/uploads\/2025\/04\/VanDeVen-233.jpg 2000w\" sizes=\"auto, (max-width: 1024px) 100vw, 1024px\" \/><\/div><\/div><div class=\"w-gallery-item\"><div class=\"w-gallery-item-img\"><img loading=\"lazy\" decoding=\"async\" width=\"1024\" height=\"682\" src=\"https:\/\/www.vandevencaravans.be\/wp-content\/uploads\/2025\/04\/VanDeVen-226-1024x682.jpg\" class=\"attachment-large size-large\" alt=\"\" srcset=\"https:\/\/www.vandevencaravans.be\/wp-content\/uploads\/2025\/04\/VanDeVen-226-1024x682.jpg 1024w, https:\/\/www.vandevencaravans.be\/wp-content\/uploads\/2025\/04\/VanDeVen-226-300x200.jpg 300w, https:\/\/www.vandevencaravans.be\/wp-content\/uploads\/2025\/04\/VanDeVen-226.jpg 2000w\" sizes=\"auto, (max-width: 1024px) 100vw, 1024px\" \/><\/div><\/div><div class=\"w-gallery-item\"><div class=\"w-gallery-item-img\"><img loading=\"lazy\" decoding=\"async\" width=\"1024\" height=\"682\" src=\"https:\/\/www.vandevencaravans.be\/wp-content\/uploads\/2025\/04\/VanDeVen-218-1024x682.jpg\" class=\"attachment-large size-large\" alt=\"\" srcset=\"https:\/\/www.vandevencaravans.be\/wp-content\/uploads\/2025\/04\/VanDeVen-218-1024x682.jpg 1024w, https:\/\/www.vandevencaravans.be\/wp-content\/uploads\/2025\/04\/VanDeVen-218-300x200.jpg 300w, https:\/\/www.vandevencaravans.be\/wp-content\/uploads\/2025\/04\/VanDeVen-218.jpg 2000w\" sizes=\"auto, (max-width: 1024px) 100vw, 1024px\" \/><\/div><\/div><div class=\"w-gallery-item\"><div class=\"w-gallery-item-img\"><img loading=\"lazy\" decoding=\"async\" width=\"1024\" height=\"682\" src=\"https:\/\/www.vandevencaravans.be\/wp-content\/uploads\/2025\/04\/VanDeVen-212-1024x682.jpg\" class=\"attachment-large size-large\" alt=\"\" srcset=\"https:\/\/www.vandevencaravans.be\/wp-content\/uploads\/2025\/04\/VanDeVen-212-1024x682.jpg 1024w, https:\/\/www.vandevencaravans.be\/wp-content\/uploads\/2025\/04\/VanDeVen-212-300x200.jpg 300w, https:\/\/www.vandevencaravans.be\/wp-content\/uploads\/2025\/04\/VanDeVen-212.jpg 2000w\" sizes=\"auto, (max-width: 1024px) 100vw, 1024px\" \/><\/div><\/div><div class=\"w-gallery-item\"><div class=\"w-gallery-item-img\"><img loading=\"lazy\" decoding=\"async\" width=\"1024\" height=\"682\" src=\"https:\/\/www.vandevencaravans.be\/wp-content\/uploads\/2025\/04\/VanDeVen-187-1024x682.jpg\" class=\"attachment-large size-large\" alt=\"\" srcset=\"https:\/\/www.vandevencaravans.be\/wp-content\/uploads\/2025\/04\/VanDeVen-187-1024x682.jpg 1024w, https:\/\/www.vandevencaravans.be\/wp-content\/uploads\/2025\/04\/VanDeVen-187-300x200.jpg 300w, https:\/\/www.vandevencaravans.be\/wp-content\/uploads\/2025\/04\/VanDeVen-187.jpg 2000w\" sizes=\"auto, (max-width: 1024px) 100vw, 1024px\" \/><\/div><\/div><\/div><\/div><\/div><\/div><\/div><\/div><\/div><\/section><section class=\"l-section wpb_row height_large\"><div class=\"l-section-h i-cf\"><div class=\"g-cols vc_row via_flex valign_top type_default stacking_default\"><div class=\"vc_col-sm-12 wpb_column vc_column_container\"><div class=\"vc_column-inner\"><div class=\"wpb_wrapper\"><div class=\"g-cols wpb_row via_flex valign_middle type_default stacking_default\"><div class=\"vc_col-sm-9 wpb_column vc_column_container\"><div class=\"vc_column-inner\"><div class=\"wpb_wrapper\"><div class=\"wpb_text_column\"><div class=\"wpb_wrapper\"><h2>Ce que disent nos clients<\/h2>\n<\/div><\/div><div class=\"w-separator size_small\"><\/div><div class=\"wpb_text_column us_custom_d983aa0a\"><div class=\"wpb_wrapper\"><p>Nos clients nous attribuent une note de 4,2 sur 5 !<\/p>\n<\/div><\/div><\/div><\/div><\/div><div class=\"vc_col-sm-3 wpb_column vc_column_container\"><div class=\"vc_column-inner\"><div class=\"wpb_wrapper\"><div class=\"w-btn-wrapper align_right\"><a class=\"w-btn us-btn-style_4 icon_atright\" target=\"_blank\" rel=\"nofollow noopener\" href=\"https:\/\/www.google.com\/search?sca_esv=2f74be9af6dcdd68&amp;sxsrf=AHTn8zpiJaSwccutqm43H2266buGLon3QQ:1744957214941&amp;q=Caravans+van+de+Ven&amp;si=APYL9btvhO6SAb8jF9HqTZMMa7vs_teLnZaEVrJZwRKFIIKjoSIwu_SADTV0KVNyJZ-yvcBINw50xEuvLNRtaCd8PUf4nQlTw8CTUObr8VrceRYDno9k1Lc=&amp;uds=ABqPDvxkc1hlhLTCjoC0jcqe9t98cHKOOsXgTC4_lIPJ3-_oxyg0AjLl_qzVjMD2tyruA2FmnGSLSrtRRgMKOiR-PzSFhTZG-ZmfY0yILGZUJ8hFoHJtGrs&amp;sa=X&amp;sqi=2&amp;ved=2ahUKEwjRnMeX-OCMAxWHUaQEHSXEOhcQ3PALegQIGRAE&amp;biw=1710&amp;bih=860&amp;dpr=2\"><span class=\"w-btn-label\">Lire tous les commentaires<\/span><i class=\"fal fa-long-arrow-right\"><\/i><\/a><\/div><\/div><\/div><\/div><\/div><\/div><\/div><\/div><\/div><\/div><\/section><section class=\"l-section wpb_row us_custom_b03640aa height_medium\"><div class=\"l-section-h i-cf\"><div class=\"g-cols vc_row via_flex valign_top type_default stacking_default\"><div class=\"vc_col-sm-10 vc_col-lg-8 vc_col-md-8 vc_col-xs-12 wpb_column vc_column_container\"><div class=\"vc_column-inner\"><div class=\"wpb_wrapper\"><div class=\"w-grid reviewcarousel type_carousel layout_200\" id=\"us_grid_1\"><style>.layout_200 .w-grid-item-h{}.layout_200 .usg_post_title_1{margin-top:30px!important;padding-left:30px!important;padding-right:30px!important}.layout_200 .usg_post_content_1{margin-bottom:60px!important;padding-left:30px!important;padding-right:30px!important}.layout_200 .usg_image_2{border-bottom-width:2px!important;border-color:var(--color-geel-custom)!important;border-bottom-style:solid!important;padding:30px!important;background:var(--color-pastel-geel-custom)!important}<\/style><div class=\"w-grid-list owl-carousel valign_stretch dotstyle_smudge navstyle_circle navpos_outside owl-responsive-2000 with_dots\" style=\"--transition-duration:350ms;\">\t<article class=\"w-grid-item post-2631 review type-review status-publish has-post-thumbnail hentry\" data-id=\"2631\">\r\n\t\t<div class=\"w-grid-item-h\">\r\n\t\t\t\t\t\t<div class=\"w-hwrapper usg_hwrapper_1 align_none valign_top wrap stack_on_mobiles\" style=\"--hwrapper-gap:0rem\"><div class=\"w-vwrapper usg_vwrapper_1 align_none valign_top\" style=\"--vwrapper-gap:1.2rem\"><div class=\"w-image usg_image_2 reviewstars has_bg_color\"><div class=\"w-image-h\"><img decoding=\"async\" width=\"1024\" height=\"1024\" src=\"https:\/\/www.vandevencaravans.be\/wp-content\/uploads\/2025\/02\/5stars.svg\" class=\"attachment-large size-large\" alt=\"\" loading=\"lazy\" \/><\/div><\/div><h5 class=\"w-post-elm post_title usg_post_title_1 entry-title color_link_inherit\">Harry V.<\/h5><div class=\"w-post-elm post_content usg_post_content_1\"><p>Tr\u00e8s sympathique et bien accueilli, aucune question n&rsquo;\u00e9tait de trop. Ne poussent rien et vous donnent du temps. Mobil-home livr\u00e9 \u00e0 temps et mont\u00e9 par des professionnels. Service TOP.<\/p>\n<\/div><\/div><div class=\"w-post-elm post_image usg_post_image_1 has_ratio\"><img loading=\"lazy\" decoding=\"async\" width=\"654\" height=\"1024\" src=\"https:\/\/www.vandevencaravans.be\/wp-content\/uploads\/2025\/02\/Caravans_van_de_Ven-4-654x1024.jpg\" class=\"attachment-large size-large wp-post-image\" alt=\"\" \/><div style=\"padding-bottom:66.6667%\"><\/div><\/div><\/div>\t\t<\/div>\r\n\t\t\t<\/article>\r\n\t<article class=\"w-grid-item post-2632 review type-review status-publish has-post-thumbnail hentry\" data-id=\"2632\">\r\n\t\t<div class=\"w-grid-item-h\">\r\n\t\t\t\t\t\t<div class=\"w-hwrapper usg_hwrapper_1 align_none valign_top wrap stack_on_mobiles\" style=\"--hwrapper-gap:0rem\"><div class=\"w-vwrapper usg_vwrapper_1 align_none valign_top\" style=\"--vwrapper-gap:1.2rem\"><div class=\"w-image usg_image_2 reviewstars has_bg_color\"><div class=\"w-image-h\"><img decoding=\"async\" width=\"1024\" height=\"1024\" src=\"https:\/\/www.vandevencaravans.be\/wp-content\/uploads\/2025\/02\/5stars.svg\" class=\"attachment-large size-large\" alt=\"\" loading=\"lazy\" \/><\/div><\/div><h5 class=\"w-post-elm post_title usg_post_title_1 entry-title color_link_inherit\">Sabine G.<\/h5><div class=\"w-post-elm post_content usg_post_content_1\"><p>Tr\u00e8s accueillant. Nous avons achet\u00e9 avec confiance tout s&rsquo;est bien pass\u00e9. Tout est bien expliqu\u00e9, ils prennent vraiment leur temps. Merci. Tr\u00e8s bon travail en famille.<\/p>\n<\/div><\/div><div class=\"w-post-elm post_image usg_post_image_1 has_ratio\"><img loading=\"lazy\" decoding=\"async\" width=\"768\" height=\"1024\" src=\"https:\/\/www.vandevencaravans.be\/wp-content\/uploads\/2025\/02\/Caravans_van_de_Ven-7-768x1024.jpg\" class=\"attachment-large size-large wp-post-image\" alt=\"\" \/><div style=\"padding-bottom:66.6667%\"><\/div><\/div><\/div>\t\t<\/div>\r\n\t\t\t<\/article>\r\n\t<article class=\"w-grid-item post-2633 review type-review status-publish has-post-thumbnail hentry\" data-id=\"2633\">\r\n\t\t<div class=\"w-grid-item-h\">\r\n\t\t\t\t\t\t<div class=\"w-hwrapper usg_hwrapper_1 align_none valign_top wrap stack_on_mobiles\" style=\"--hwrapper-gap:0rem\"><div class=\"w-vwrapper usg_vwrapper_1 align_none valign_top\" style=\"--vwrapper-gap:1.2rem\"><div class=\"w-image usg_image_2 reviewstars has_bg_color\"><div class=\"w-image-h\"><img decoding=\"async\" width=\"1024\" height=\"1024\" src=\"https:\/\/www.vandevencaravans.be\/wp-content\/uploads\/2025\/02\/5stars.svg\" class=\"attachment-large size-large\" alt=\"\" loading=\"lazy\" \/><\/div><\/div><h5 class=\"w-post-elm post_title usg_post_title_1 entry-title color_link_inherit\">Herman V.<\/h5><div class=\"w-post-elm post_content usg_post_content_1\"><p>Tr\u00e8s sympathique et bien accueilli, aucune question n&rsquo;\u00e9tait de trop. Ne forcent rien et vous donnent le temps. Mobil-home livr\u00e9 \u00e0 temps et mont\u00e9 par des professionnels. Service TOP.<\/p>\n<\/div><\/div><div class=\"w-post-elm post_image usg_post_image_1 has_ratio\"><img loading=\"lazy\" decoding=\"async\" width=\"768\" height=\"1024\" src=\"https:\/\/www.vandevencaravans.be\/wp-content\/uploads\/2025\/02\/Caravans_van_de_Ven-6-768x1024.jpg\" class=\"attachment-large size-large wp-post-image\" alt=\"\" \/><div style=\"padding-bottom:66.6667%\"><\/div><\/div><\/div>\t\t<\/div>\r\n\t\t\t<\/article>\r\n<\/div>\t<div class=\"g-preloader type_1\">\r\n\t\t<div><\/div>\r\n\t<\/div>\r\n\t\t<div class=\"w-grid-json hidden\" onclick='return {&quot;action&quot;:&quot;us_ajax_grid&quot;,&quot;infinite_scroll&quot;:0,&quot;max_num_pages&quot;:1,&quot;pagination&quot;:&quot;none&quot;,&quot;template_vars&quot;:{&quot;columns&quot;:&quot;&quot;,&quot;exclude_items&quot;:&quot;none&quot;,&quot;img_size&quot;:&quot;default&quot;,&quot;ignore_items_size&quot;:0,&quot;items_layout&quot;:&quot;200&quot;,&quot;items_offset&quot;:&quot;0px&quot;,&quot;load_animation&quot;:&quot;none&quot;,&quot;overriding_link&quot;:&quot;%7B%22url%22%3A%22%22%7D&quot;,&quot;post_id&quot;:2525,&quot;query_args&quot;:{&quot;post_type&quot;:[&quot;review&quot;],&quot;post_status&quot;:[&quot;publish&quot;,&quot;acf-disabled&quot;],&quot;posts_per_page&quot;:999},&quot;orderby_query_args&quot;:{&quot;orderby&quot;:{&quot;date&quot;:&quot;DESC&quot;}},&quot;type&quot;:&quot;carousel&quot;,&quot;us_grid_post_type&quot;:&quot;review&quot;,&quot;us_grid_ajax_index&quot;:1,&quot;us_grid_filter_query_string&quot;:null,&quot;us_grid_index&quot;:1,&quot;page_args&quot;:[],&quot;lang&quot;:&quot;fr&quot;},&quot;carousel_settings&quot;:{&quot;aria_labels&quot;:{&quot;prev&quot;:&quot;Pr\\u00e9c\\u00e9dent&quot;,&quot;next&quot;:&quot;Suivant&quot;},&quot;autoplayContinual&quot;:false,&quot;autoplayHoverPause&quot;:false,&quot;autoplayTimeout&quot;:3000,&quot;autoWidth&quot;:false,&quot;smartSpeed&quot;:350,&quot;margin&quot;:0,&quot;mouseDrag&quot;:true,&quot;rtl&quot;:false,&quot;slideBy&quot;:&quot;1&quot;,&quot;touchDrag&quot;:true,&quot;slideTransition&quot;:&quot;&quot;,&quot;responsive&quot;:{&quot;0&quot;:{&quot;autoHeight&quot;:false,&quot;autoplay&quot;:false,&quot;autoWidth&quot;:false,&quot;center&quot;:false,&quot;dots&quot;:false,&quot;items&quot;:1,&quot;loop&quot;:false,&quot;nav&quot;:false,&quot;stagePadding&quot;:0,&quot;slideBy&quot;:&quot;1&quot;},&quot;768&quot;:{&quot;items&quot;:1,&quot;autoplay&quot;:false,&quot;center&quot;:false,&quot;dots&quot;:true,&quot;nav&quot;:false,&quot;autoHeight&quot;:false,&quot;autoWidth&quot;:false,&quot;loop&quot;:true,&quot;stagePadding&quot;:0}}}}'><\/div>\r\n\t<\/div><\/div><\/div><\/div><div class=\"vc_col-sm-2 vc_col-lg-4 vc_col-md-4 vc_hidden-xs wpb_column vc_column_container\"><div class=\"vc_column-inner\"><div class=\"wpb_wrapper\"><\/div><\/div><\/div><\/div><\/div><\/section>\n<section class=\"l-section wpb_row height_medium\"><div class=\"l-section-h i-cf\"><div class=\"g-cols vc_row via_flex valign_middle type_default stacking_default\"><div class=\"vc_col-sm-7 wpb_column vc_column_container\"><div class=\"vc_column-inner\"><div class=\"wpb_wrapper\"><div class=\"wpb_text_column\"><div class=\"wpb_wrapper\"><h4>Principal importateur belge des marques<\/h4>\n<\/div><\/div><\/div><\/div><\/div><div class=\"vc_col-sm-5 wpb_column vc_column_container\"><div class=\"vc_column-inner\"><div class=\"wpb_wrapper\"><div class=\"g-cols wpb_row via_flex valign_middle type_default stacking_default\"><div class=\"vc_col-sm-6 vc_col-xs-6 wpb_column vc_column_container\"><div class=\"vc_column-inner\"><div class=\"wpb_wrapper\"><div class=\"w-image align_none\"><a href=\"https:\/\/www.vandevencaravans.be\/stacaravans\/europa\/\" aria-label=\"Europa-web-logo\" class=\"w-image-h\"><img decoding=\"async\" width=\"473\" height=\"185\" src=\"https:\/\/www.vandevencaravans.be\/wp-content\/uploads\/2025\/02\/Europa-web-logo.png\" class=\"attachment-large size-large\" alt=\"\" loading=\"lazy\" srcset=\"https:\/\/www.vandevencaravans.be\/wp-content\/uploads\/2025\/02\/Europa-web-logo.png 473w, https:\/\/www.vandevencaravans.be\/wp-content\/uploads\/2025\/02\/Europa-web-logo-300x117.png 300w\" sizes=\"auto, (max-width: 473px) 100vw, 473px\" \/><\/a><\/div><\/div><\/div><\/div><div class=\"vc_col-sm-6 vc_col-xs-6 wpb_column vc_column_container\"><div class=\"vc_column-inner\"><div class=\"wpb_wrapper\"><div class=\"w-image align_none\"><a href=\"https:\/\/www.vandevencaravans.be\/stacaravans\/arronbrook\/\" aria-label=\"Arrobbrook\" class=\"w-image-h\"><img decoding=\"async\" width=\"1024\" height=\"1024\" src=\"https:\/\/www.vandevencaravans.be\/wp-content\/uploads\/2025\/02\/Arrobbrook.svg\" class=\"attachment-large size-large\" alt=\"\" loading=\"lazy\" \/><\/a><\/div><\/div><\/div><\/div><\/div><\/div><\/div><\/div><\/div><\/div><\/section>\n\n","protected":false},"excerpt":{"rendered":"Tr\u00e8s sympathique et bien accueilli, aucune question n'\u00e9tait de trop. Ne forcent rien et vous donnent le temps. Mobil-home livr\u00e9 \u00e0 temps et mont\u00e9 par des professionnels. Service TOP.","protected":false},"author":1,"featured_media":0,"parent":0,"menu_order":2,"comment_status":"closed","ping_status":"closed","template":"","meta":{"_acf_changed":false,"footnotes":""},"class_list":["post-2556","page","type-page","status-publish","hentry"],"acf":[],"_links":{"self":[{"href":"https:\/\/www.vandevencaravans.be\/fr\/wp-json\/wp\/v2\/pages\/2556","targetHints":{"allow":["GET"]}}],"collection":[{"href":"https:\/\/www.vandevencaravans.be\/fr\/wp-json\/wp\/v2\/pages"}],"about":[{"href":"https:\/\/www.vandevencaravans.be\/fr\/wp-json\/wp\/v2\/types\/page"}],"author":[{"embeddable":true,"href":"https:\/\/www.vandevencaravans.be\/fr\/wp-json\/wp\/v2\/users\/1"}],"replies":[{"embeddable":true,"href":"https:\/\/www.vandevencaravans.be\/fr\/wp-json\/wp\/v2\/comments?post=2556"}],"version-history":[{"count":15,"href":"https:\/\/www.vandevencaravans.be\/fr\/wp-json\/wp\/v2\/pages\/2556\/revisions"}],"predecessor-version":[{"id":2830,"href":"https:\/\/www.vandevencaravans.be\/fr\/wp-json\/wp\/v2\/pages\/2556\/revisions\/2830"}],"wp:attachment":[{"href":"https:\/\/www.vandevencaravans.be\/fr\/wp-json\/wp\/v2\/media?parent=2556"}],"curies":[{"name":"wp","href":"https:\/\/api.w.org\/{rel}","templated":true}]}}